{"id":6159,"date":"2023-09-15T08:00:00","date_gmt":"2023-09-15T06:00:00","guid":{"rendered":"https:\/\/imagessecondes.fr\/?page_id=6159"},"modified":"2025-12-28T14:39:32","modified_gmt":"2025-12-28T13:39:32","slug":"appel-en-cours-07-2025","status":"publish","type":"page","link":"https:\/\/imagessecondes.fr\/index.php\/appel-en-cours-07-2025\/","title":{"rendered":"Appel en cours 07 | 2025"},"content":{"rendered":"\n<h2 class=\"wp-block-heading has-text-align-center has-vivid-red-color has-text-color has-large-font-size\">APPEL \u00c0 CONTRIBUTIONS<\/h2>\n\n\n\n<p class=\"has-text-align-center\"><strong><strong>\u2013 Appel clos \u2013<\/strong><\/strong><\/p>\n\n\n\n<p class=\"has-text-align-center has-vivid-red-color has-text-color has-link-color wp-elements-e5aa9b57e25091bc8fa6fc207e621da1\"><strong><a href=\"http:\/\/imagessecondes.fr\/wp-content\/uploads\/2023\/09\/IS7-Disability-studies-Appel-a-contributions.pdf\" target=\"_blank\" rel=\"noreferrer noopener\">Consulter l&rsquo;appel en int\u00e9gralit\u00e9<\/a><\/strong><\/p>\n\n\n\n<h2 class=\"wp-block-heading has-black-color has-text-color has-large-font-size\"><strong>07 | 2025 Approches sensibles du handicap au cin\u00e9ma&nbsp;: l\u2019apport des <em>disability studies<\/em><\/strong><\/h2>\n\n\n\n<h3 class=\"wp-block-heading has-vivid-red-color has-text-color has-link-color has-medium-font-size wp-elements-37d620ebee9de39d71073d020b049792\"><strong>R\u00e9dacteurices en chef<\/strong><\/h3>\n\n\n\n<p><strong>Romain Chareyron<\/strong> (Universit\u00e9 de la Saskatchewan)<strong><br>Barbara Foug\u00e8re-Danezan<\/strong> (Universit\u00e9 Paris 1 Panth\u00e9on-Sorbonne)<\/p>\n\n\n\n<h3 class=\"wp-block-heading has-vivid-red-color has-text-color has-link-color has-medium-font-size wp-elements-8ee9c66f7960b04eee4f480b1002680c\"><strong>R\u00e9sum\u00e9 de l&rsquo;appel<\/strong><\/h3>\n\n\n\n<p><strong>Le septi\u00e8me num\u00e9ro d\u2019<em>Images secondes<\/em> se propose d\u2019\u00e9tudier l\u2019apport des <em>disability studies<\/em> dans la remise en question de certaines modalit\u00e9s de repr\u00e9sentation excluantes et\/ou stigmatisantes de personnes en situation de handicap.&nbsp;Une fois \u00e9tabli le r\u00f4le des composantes historiques, politiques et culturelles dans les diff\u00e9rentes acceptions du handicap, nous observerons comment certain\u00b7es artistes s\u2019en emparent aujourd\u2019hui afin d\u2019en fournir une retranscription intime, subjective et non h\u00e9g\u00e9monique.&nbsp;Nous souhaitons ainsi offrir un espace d\u2019expression \u00e0 celleux qui, en situation de handicap, \u0153uvrent \u00e0 faire na\u00eetre de nouveaux modes de repr\u00e9sentation, mais demeurent trop souvent invisibilis\u00e9\u00b7es, et proposer une compr\u00e9hension affin\u00e9e de la mani\u00e8re dont le handicap conditionne la r\u00e9ception et la cr\u00e9ation d\u2019une \u0153uvre.<\/strong><\/p>\n\n\n\n<p>Comme Lennard J. Davis en fait le constat, \u00ab contrairement aux questions aff\u00e9rant \u00e0 la race, \u00e0 la classe sociale, au genre, ou \u00e0 l\u2019orientation sexuelle, les \u00e9tudes sur le handicap constituent un champ d\u2019\u00e9tudes relativement nouveau \u00bb (Lennard, 2002 : 10 \u2013 nous traduisons). C\u2019est en effet \u00e0 partir de la fin des ann\u00e9es 1980 que l\u2019on constate un int\u00e9r\u00eat du monde acad\u00e9mique pour le champ des <em>disability studies<\/em>, majoritairement en provenance des pays anglo-saxons ou nordiques. La dimension interdisciplinaire des <em>disability studies<\/em> constitue l\u2019une des raisons pour lesquelles ces derni\u00e8res ont pris de l\u2019ampleur dans ces pays, mais aussi pour lesquelles ce champ d\u2019\u00e9tudes peine encore \u00e0 s\u2019imposer dans la recherche fran\u00e7aise.&nbsp;&nbsp;&nbsp;&nbsp;&nbsp;<\/p>\n\n\n\n<p>Si elles ne constituent pas une discipline acad\u00e9mique ind\u00e9pendante, les <em>disability studies<\/em> sont n\u00e9anmoins pr\u00e9sentes au sein de la recherche fran\u00e7aise de mani\u00e8re transversale depuis plusieurs d\u00e9cennies et nourrissent les r\u00e9flexions des chercheur\u00b7euses issu\u00b7es de domaines vari\u00e9s. C\u2019est le cas d\u00e8s les ann\u00e9es 1970, avec les travaux du sociologue Bernard Mottez et, par la suite, ceux d\u2019Alain Blanc ; ceux de Jean-Fran\u00e7ois Ravaud dans le domaine de la sant\u00e9 publique ; ceux du philosophe et anthropologue Henri-Jacques Stiker, ou de la philosophe Monique Vial ; ou encore d\u2019Isabelle Ville qui, avec le programme \u00ab Handicaps et Soci\u00e9t\u00e9s \u00bb de l&rsquo;EHESS, propose un espace ouvert de rencontre entre disciplines, objets et chercheur\u00b7ses en sciences sociales autour des questions de handicaps.<\/p>\n\n\n\n<p>Les <em>disability studies<\/em> postulent de fait que \u00ab les personnes concern\u00e9es, qui sont actrices de leur devenir et de leur lib\u00e9ration, sont consid\u00e9r\u00e9es comme d\u00e9tentrices de savoirs propres \u00bb (Albrecht, Ravaud et Stiker, 2001 : 44). Ce num\u00e9ro d\u2019<em>Images secondes <\/em>prend ainsi racine dans ce qui constitue le c\u0153ur de ce champ de recherches, \u00e0 savoir sa facult\u00e9 \u00e0 d\u00e9placer le regard port\u00e9 sur le handicap en ouvrant un espace valorisant la parole et le v\u00e9cu des individus en situation de handicap. Notre d\u00e9marche est ainsi guid\u00e9e par la volont\u00e9 d\u2019observer comment les <em>disability studies<\/em> ont autoris\u00e9 un nouveau regard critique sur les images cin\u00e9matographiques, permettant le d\u00e9veloppement de nouvelles formes audiovisuelles qui \u00e9pousent avec une plus grande justesse le v\u00e9cu des individus en situation de handicap, qui ne \u00ab contiennent \u00bb pas le handicap dans un discours curatif ou stigmatisant, mais observent les potentialit\u00e9s propres aux individus en situation de handicap. Ces \u0153uvres doivent cependant \u00eatre mises en perspective, puisque les liens entre handicap et cin\u00e9ma ont, depuis de nombreuses ann\u00e9es d\u00e9j\u00e0, nourri le travail de chercheur\u00b7euses telles que la sociologue et philosophe Brigitte Lemaine qui, depuis les ann\u00e9es 1980, r\u00e9alise des documentaires sur l\u2019histoire et la culture sourdes.&nbsp;&nbsp;&nbsp;&nbsp;&nbsp;&nbsp;&nbsp;<\/p>\n\n\n\n<p>Nous nous demanderons donc de quelles mani\u00e8res les outils th\u00e9oriques mis en place par les <em>disability studies<\/em> ont nourri la d\u00e9marche cr\u00e9atrice de personnes qui ne per\u00e7oivent plus le handicap comme unique trait d\u00e9finitoire d\u2019un individu, mais vont au contraire chercher \u00e0 traduire la subjectivit\u00e9 de la personne qui fait l\u2019exp\u00e9rience du handicap gr\u00e2ce \u00e0 la puissance affective du m\u00e9dium audiovisuel.&nbsp;<\/p>\n\n\n\n<p>Il nous faut comprendre cette volont\u00e9 de \u00ab traduction \u00bb de l\u2019exp\u00e9rience au sens benjaminien du terme, comme ne devant pas aspirer \u00e0 remplacer le texte original, mais au contraire r\u00e9fl\u00e9chir sur l\u2019\u00e9cart entre l\u2019original et la traduction, \u00e0 ce qui diff\u00e9rencie les langues, \u00e0 ce qui les rend \u00e9tranges et \u00e9trang\u00e8res. Il en va de m\u00eame pour les \u0153uvres sur lesquelles nous souhaitons ici porter notre attention, en ce qu\u2019elles ne cherchent pas \u00e0 r\u00e9sorber l\u2019\u00e9cart pouvant exister entre la perception d\u2019un individu ne faisant pas l\u2019exp\u00e9rience du handicap et d\u2019une personne en situation de handicap, mais souhaitent au contraire en faire un moteur de cr\u00e9ation. Ce num\u00e9ro th\u00e9matique invite ainsi \u00e0 se pencher sur des \u0153uvres dont le but premier est d\u2019\u00e9viter l\u2019essentialisation du handicap et de favoriser la diversit\u00e9 des approches de la construction de la personne en situation de handicap.<\/p>\n\n\n\n<p>Si nous avons choisi de nous \u00e9loigner d\u2019une approche purement chronologique et qualitative \u2013 qui reviendrait \u00e0 se poser la question de savoir ce qui constitue une \u00ab bonne \u00bb ou une \u00ab mauvaise \u00bb repr\u00e9sentation du handicap \u2013, la probl\u00e9matique aff\u00e9rant \u00e0 l\u2019\u00e9volution des modes de repr\u00e9sentation ne peut \u00eatre enti\u00e8rement omise et s\u2019inscrit en filigrane \u00e0 travers chacun des axes envisag\u00e9s pour le num\u00e9ro. Le choix de ces derniers trouve sa justification dans une volont\u00e9 d\u2019observer la mani\u00e8re dont l\u2019\u00e9mergence des <em>disability studies<\/em> comme champ d\u2019\u00e9tudes nous am\u00e8ne \u00e0 reconsid\u00e9rer les manifestations cin\u00e9matographiques du handicap, ce dernier n\u2019\u00e9tant plus simplement compris comme un simple objet d\u2019\u00e9tude, mais se pr\u00e9sentant d\u00e9sormais comme un outil d\u2019\u00e9tude et d\u2019analyse.&nbsp;Une telle d\u00e9marche part du constat qu\u2019il est aujourd\u2019hui possible de <em>voir<\/em> \u00e0 travers le handicap, et non plus seulement de <em>regarder<\/em> le handicap, les <em>disability studies<\/em> ayant donn\u00e9 naissance \u00e0 un vocabulaire, ainsi qu\u2019\u00e0 des outils critiques et \u00e0 une mani\u00e8re de concevoir le handicap o\u00f9 celui-ci n\u2019est plus per\u00e7u comme un frein, mais plut\u00f4t comme un moteur de cr\u00e9ation. Il s\u2019agira alors d\u2019offrir des \u00e9l\u00e9ments de r\u00e9ponse \u00e0 la question de savoir ce que le cin\u00e9ma peut apporter au handicap, et inversement.<\/p>\n\n\n\n<h3 class=\"wp-block-heading has-vivid-red-color has-text-color has-link-color has-medium-font-size wp-elements-246dd245002acd9992ae0c6d1d340217\"><strong>Comit\u00e9 scientifique<\/strong><\/h3>\n\n\n\n<p><strong>Andrea Benvenuto<\/strong> (EHESS) \u2013 <strong>Gildas Br\u00e9gain<\/strong> (CNRS, \u00c9cole des hautes \u00e9tudes en sant\u00e9 publique)&nbsp;\u2013&nbsp;<strong>Elena Chamorro<\/strong> (Universit\u00e9 d\u2019Aix-Marseille, Collectif anti-validiste CLHEE) \u2013 <strong>Dominique Chateau<\/strong> (Paris 1 Panth\u00e9on-Sorbonne) \u2013 <strong>Mich\u00e8le Diotte<\/strong> (Universit\u00e9 d\u2019Ottawa) \u2013 <strong>Ninon Dubourg<\/strong> (Fonds de la recherche scientifique, Bruxelles)&nbsp;\u2013 <strong>Charles Gaucher<\/strong> (Universit\u00e9 de Moncton, Nouveau Brunswick, Canada) \u2013 <strong>Mathias Lavin<\/strong> (Universit\u00e9 de Poitiers) \u2013 <strong>Sarah Leperchey<\/strong> (Universit\u00e9 Paris 1 Panth\u00e9on-Sorbonne) \u2013 <strong>Marie Martin<\/strong> (Universit\u00e9 de Poitiers) \u2013 <strong>Jos\u00e9 Moure<\/strong> (Universit\u00e9 Paris 1 Panth\u00e9on-Sorbonne) \u2013 <strong>St\u00e9phane Rastello<\/strong> (Association Retour d\u2019Image)<\/p>\n","protected":false},"excerpt":{"rendered":"<p>APPEL \u00c0 CONTRIBUTIONS \u2013 Appel clos \u2013 Consulter l&rsquo;appel en int\u00e9gralit\u00e9 07 | 2025 Approches sensibles du handicap au cin\u00e9ma&nbsp;: l\u2019apport des disability studies R\u00e9dacteurices en chef Romain Chareyron (Universit\u00e9 de la Saskatchewan)Barbara Foug\u00e8re-Danezan (Universit\u00e9 Paris 1 Panth\u00e9on-Sorbonne) R\u00e9sum\u00e9 de l&rsquo;appel Le septi\u00e8me num\u00e9ro d\u2019Images secondes se propose d\u2019\u00e9tudier l\u2019apport des disability studies dans la<\/p>\n","protected":false},"author":3,"featured_media":0,"parent":0,"menu_order":0,"comment_status":"closed","ping_status":"closed","template":"","meta":{"_exactmetrics_skip_tracking":false,"_exactmetrics_sitenote_active":false,"_exactmetrics_sitenote_note":"","_exactmetrics_sitenote_category":0,"footnotes":""},"class_list":["post-6159","page","type-page","status-publish","hentry"],"jetpack_shortlink":"https:\/\/wp.me\/P9TfUI-1Bl","jetpack_sharing_enabled":true,"_links":{"self":[{"href":"https:\/\/imagessecondes.fr\/index.php\/wp-json\/wp\/v2\/pages\/6159","targetHints":{"allow":["GET"]}}],"collection":[{"href":"https:\/\/imagessecondes.fr\/index.php\/wp-json\/wp\/v2\/pages"}],"about":[{"href":"https:\/\/imagessecondes.fr\/index.php\/wp-json\/wp\/v2\/types\/page"}],"author":[{"embeddable":true,"href":"https:\/\/imagessecondes.fr\/index.php\/wp-json\/wp\/v2\/users\/3"}],"replies":[{"embeddable":true,"href":"https:\/\/imagessecondes.fr\/index.php\/wp-json\/wp\/v2\/comments?post=6159"}],"version-history":[{"count":33,"href":"https:\/\/imagessecondes.fr\/index.php\/wp-json\/wp\/v2\/pages\/6159\/revisions"}],"predecessor-version":[{"id":6996,"href":"https:\/\/imagessecondes.fr\/index.php\/wp-json\/wp\/v2\/pages\/6159\/revisions\/6996"}],"wp:attachment":[{"href":"https:\/\/imagessecondes.fr\/index.php\/wp-json\/wp\/v2\/media?parent=6159"}],"curies":[{"name":"wp","href":"https:\/\/api.w.org\/{rel}","templated":true}]}}